{"id":17,"date":"2014-10-17T09:59:57","date_gmt":"2014-10-17T07:59:57","guid":{"rendered":"http:\/\/distit.se\/?page_id=17"},"modified":"2025-03-05T16:36:52","modified_gmt":"2025-03-05T15:36:52","slug":"hallbarhet","status":"publish","type":"page","link":"https:\/\/distit.se\/sv\/verksamhet\/policy-for-hallbarhet\/miljoansvar\/","title":{"rendered":"Milj\u00f6ansvar"},"content":{"rendered":"<p>V\u00e5r milj\u00f6p\u00e5verkan sker fr\u00e4mst genom godstransporter, energikonsumtion, avfall och f\u00f6rpackningar. Vi arbetar aktivt f\u00f6r att minimera v\u00e5r milj\u00f6p\u00e5verkan inom varje omr\u00e5de. \u00c4ven vid val av persontransporter och elleverant\u00f6rer beaktas milj\u00f6p\u00e5verkan.<\/p>\n<h2>Arbetsf\u00f6rh\u00e5llanden<\/h2>\n<p>Produkterna ska tillverkas under acceptabla arbetsf\u00f6rh\u00e5llanden av leverant\u00f6rer som tar ansvar f\u00f6r arbetsmilj\u00f6n. Det b\u00e4sta s\u00e4ttet att p\u00e5verka och bidra till en positiv utveckling \u00e4r att ha n\u00e4ra och l\u00e5ngsiktiga relationer med v\u00e5ra leverant\u00f6rer. Genom att st\u00f6tta v\u00e5ra leverant\u00f6rer vill vi motivera dem att sj\u00e4lva ta ett stort ansvar f\u00f6r m\u00e4nniskor och deras arbetsmilj\u00f6.<\/p>\n<h2>Milj\u00f6<\/h2>\n<p>F\u00f6retag inom DistIT str\u00e4var efter att bedriva sin verksamhet med s\u00e5 liten milj\u00f6p\u00e5verkan som m\u00f6jligt. B\u00e5de som f\u00f6retag och individer har vi alla ett stort ansvar f\u00f6r v\u00e5r gemensamma milj\u00f6. D\u00e4rf\u00f6r arbetar vi st\u00e4ndigt med att f\u00f6rb\u00e4ttra v\u00e5ra rutiner inom milj\u00f6 och kvalitet.<\/p>\n<p><b>Vi ska d\u00e4rf\u00f6r<\/b> \u00d6ka kunskapen och h\u00f6ja medvetandet kring milj\u00f6fr\u00e5gor hos alla anst\u00e4llda.<\/p>\n<p>P\u00e5verka, st\u00e4lla krav p\u00e5 och samarbeta med andra f\u00f6retag, leverant\u00f6rer, myndigheter och organisationer.<\/p>\n<p>Se milj\u00f6f\u00f6rb\u00e4ttrande \u00e5tg\u00e4rder som investeringar.<\/p>\n<p>St\u00e4ndigt str\u00e4va efter att f\u00f6rb\u00e4ttra utnyttjandet av v\u00e5ra resurser inom f\u00f6retaget.<\/p>\n<p><b>Milj\u00f6organisation<\/b> Fr\u00e5n och med 2008 drivs milj\u00f6fr\u00e5gorna av en milj\u00f6ansvarig, Mehrdad Motazedi. Genom den milj\u00f6ansvarige \u00f6kas samordningen och integreringen i verksamheten och med v\u00e5ra leverant\u00f6rer. V\u00e5rt milj\u00f6arbete omfattar projekt och aktiviteter med anknytning till all verksamhet i de olika f\u00f6retagen. F\u00f6r att p\u00e5 sikt uppn\u00e5 en harmonisering och standardisering av v\u00e5rt kvalitetsarbete p\u00e5g\u00e5r en integrering i samband med v\u00e5r verksamhetsutveckling.<\/p>\n<p><b>Handlingsplan<\/b> Vi har uppr\u00e4ttat en handlingsplan utifr\u00e5n v\u00e5r m\u00e5ls\u00e4ttning. Handlingsplanen omfattar f\u00f6ljande:<\/p>\n<p>\u2022 K\u00e4llsortering av avfall Vi k\u00e4llsorterar v\u00e5rt avfall och l\u00e4mnar papper f\u00f6r \u00e5tervinning<\/p>\n<p>\u2022 Energispar\u00e5tg\u00e4rder Ett fastst\u00e4llt m\u00e5l \u00e4r att \u00f6ka anv\u00e4ndningen av datorer och adekvata programvaror f\u00f6r att minska pappersanv\u00e4ndandet f\u00f6r att sprida information till personal, kunder och leverant\u00f6rer. F\u00f6retagen anv\u00e4nder l\u00e5genergilampor i de belysningsarmaturer d\u00e4r detta \u00e4r m\u00f6jligt.<\/p>\n<p>\u2022 Milj\u00f6anpassade ink\u00f6p Ett fastst\u00e4llt m\u00e5l \u00e4r att alltid beakta milj\u00f6aspekter vid ink\u00f6p av produkter som anv\u00e4nds i verksamheten, allt fr\u00e5n fordon och br\u00e4nslen till kopieringspapper och pennor. Detta har medf\u00f6rt en \u00f6verg\u00e5ng till mer milj\u00f6anpassade produkter. Efterlevnad av kraven \u00e4r ett m\u00e5ste och diskuteras vid personalm\u00f6ten.<\/p>\n<p>\u2022 Milj\u00f6krav p\u00e5 v\u00e5ra produkter och tj\u00e4nster De produkter och tj\u00e4nster vi marknadsf\u00f6r skall vara tillverkade av material som kan \u00e5tervinnas eller av \u00e5tervunnet material, d\u00e4r s\u00e5 \u00e4r m\u00f6jligt. Ett m\u00e5l f\u00f6r f\u00f6retagen \u00e4r att ta bort produkter ur verksamheten som inte \u00e4r tillverkade p\u00e5 ett milj\u00f6v\u00e4nligt s\u00e4tt eller som inneh\u00e5ller milj\u00f6farliga \u00e4mnen. Vi \u00e4r anslutna till REPA som \u00e4r n\u00e4ringslivets l\u00f6sning p\u00e5 producentansvaret f\u00f6r f\u00f6rpackningar av plast, metall, papper\/kartong och wellpapp. REPA:s uppgift \u00e4r att erbjuda alla f\u00f6retag tillg\u00e5ng till det rikst\u00e4ckande \u00e5tervinningssystemet f\u00f6r f\u00f6rpackningar. Genom att ansluta oss till REPA fullg\u00f6r vi de krav som st\u00e4lls p\u00e5 oss i f\u00f6rpackningsf\u00f6rordningen (SFS 2006:1273).Reparegistret AB var tidigare ett hel\u00e4gt dotter\u00acbolag till F\u00f6rpacknings- och Tidningsinsamlingen (FTI). Genom fusionen den 1 april 2013 upph\u00f6rde dotterbolaget och de producentf\u00f6retag som var anslutna till REPA blev d\u00e4rmed anslutna och kunder till FTI.<\/p>\n<p>Vi \u00e4r \u00e4ven medlem i El-Kretsen som \u00e4r n\u00e4ringslivets servicebolag och har som uppgift \u00e4r att uppfylla producentansvaret inom elektriska och elektroniska produkter samt batterier. Lagstiftningarna som reglerar producentansvaret och s\u00e5ledes ligger till grund f\u00f6r El-Kretsens verksamhet \u00e4r, SFS 2005:209, 2005:210, 2008:834. Tillsynsmyndighet f\u00f6r dessa och ansvarig f\u00f6r att lagen efterlevs \u00e4r Naturv\u00e5rdsverket.<\/p>\n<p>F\u00f6retagen \u00e4r \u00e4ven certifierat av El-Kretsen. Certifikatet garanterar anst\u00e4llda och kunder att f\u00f6retagens produkter \u00e5tervinns p\u00e5 ett korrekt s\u00e4tt och borgar f\u00f6r att vi \u00e4r engagerade och g\u00f6r vad vi kan f\u00f6r att spara p\u00e5 jordens resurser.<\/p>\n<p>\u2022 Milj\u00f6krav p\u00e5 v\u00e5ra leverant\u00f6rer Ett av f\u00f6retagens milj\u00f6m\u00e5l \u00e4r att p\u00e5verka v\u00e5ra huvudleverant\u00f6rer att alltid beakta milj\u00f6aspekter i sin produktion och verksamhet.<\/p>\n<p>\u2022 Anv\u00e4ndning av b\u00e4sta m\u00f6jliga br\u00e4nsle och minskad br\u00e4nslef\u00f6rbrukning Ett av de milj\u00f6m\u00e5l som satts upp f\u00f6r verksamheten f\u00f6reskriver b\u00e4sta m\u00f6jliga br\u00e4nsle och krav p\u00e5 \u00e5tg\u00e4rder f\u00f6r att minska br\u00e4nslef\u00f6rbrukningen.<\/p>\n<p>\u2022 Milj\u00f6information till anst\u00e4llda, kunder och leverant\u00f6rer Samtliga anst\u00e4llda i verksamheten ska ha vetskap om f\u00f6retagets milj\u00f6m\u00e5l. Detta f\u00f6ljs regelbundet upp vid personalm\u00f6ten en g\u00e5ng per m\u00e5nad d\u00e4r ocks\u00e5 ny information ges. Genom muntlig och skriftlig kommunikation informeras v\u00e5ra kunder om v\u00e5rt fortl\u00f6pande milj\u00f6arbete. Med v\u00e5ra leverant\u00f6rer har vi en st\u00e4ndigt p\u00e5g\u00e5ende dialog om milj\u00f6f\u00f6rb\u00e4ttrande \u00e5tg\u00e4rder.<\/p>\n<p><strong>Ladda ner PDF-dokumentet h\u00e4r:<\/strong> <a href=\"http:\/\/distit.se\/wp-content\/uploads\/2020\/01\/H\u00e5llbar-utveckling-DistIT-AB-publ-Nr-6-20191203.pdf\">H\u00e5llbar utveckling- DistIT AB (publ) Nr-6-20191203<\/a><\/p>","protected":false},"excerpt":{"rendered":"<p>V\u00e5r milj\u00f6p\u00e5verkan sker fr\u00e4mst genom godstransporter, energikonsumtion, avfall och f\u00f6rpackningar. Vi arbetar aktivt f\u00f6r att minimera v\u00e5r milj\u00f6p\u00e5verkan inom varje omr\u00e5de. \u00c4ven vid val av persontransporter och elleverant\u00f6rer beaktas milj\u00f6p\u00e5verkan. Arbetsf\u00f6rh\u00e5llanden Produkterna ska tillverkas under acceptabla arbetsf\u00f6rh\u00e5llanden av leverant\u00f6rer som tar ansvar f\u00f6r arbetsmilj\u00f6n. Det b\u00e4sta s\u00e4ttet att p\u00e5verka och bidra till en positiv utveckling [&hellip;]<\/p>\n","protected":false},"author":1,"featured_media":0,"parent":1647,"menu_order":23,"comment_status":"closed","ping_status":"closed","template":"","meta":{"_monsterinsights_skip_tracking":false,"footnotes":""},"class_list":["post-17","page","type-page","status-publish","hentry"],"_links":{"self":[{"href":"https:\/\/distit.se\/sv\/wp-json\/wp\/v2\/pages\/17","targetHints":{"allow":["GET"]}}],"collection":[{"href":"https:\/\/distit.se\/sv\/wp-json\/wp\/v2\/pages"}],"about":[{"href":"https:\/\/distit.se\/sv\/wp-json\/wp\/v2\/types\/page"}],"author":[{"embeddable":true,"href":"https:\/\/distit.se\/sv\/wp-json\/wp\/v2\/users\/1"}],"replies":[{"embeddable":true,"href":"https:\/\/distit.se\/sv\/wp-json\/wp\/v2\/comments?post=17"}],"version-history":[{"count":23,"href":"https:\/\/distit.se\/sv\/wp-json\/wp\/v2\/pages\/17\/revisions"}],"predecessor-version":[{"id":13632,"href":"https:\/\/distit.se\/sv\/wp-json\/wp\/v2\/pages\/17\/revisions\/13632"}],"up":[{"embeddable":true,"href":"https:\/\/distit.se\/sv\/wp-json\/wp\/v2\/pages\/1647"}],"wp:attachment":[{"href":"https:\/\/distit.se\/sv\/wp-json\/wp\/v2\/media?parent=17"}],"curies":[{"name":"wp","href":"https:\/\/api.w.org\/{rel}","templated":true}]}}